{"id":5616,"date":"2025-03-10T10:21:00","date_gmt":"2025-03-10T09:21:00","guid":{"rendered":"https:\/\/plancton.afundacion.org\/?post_type=evento&#038;p=5616"},"modified":"2025-03-12T18:55:52","modified_gmt":"2025-03-12T17:55:52","slug":"plancton-2025-retirada-de-lixo-marino-e-flora-exotica-invasora-no-areal-de-cesantes","status":"publish","type":"evento","link":"https:\/\/plancton.afundacion.org\/gl\/evento\/plancton-2025-retirada-de-lixo-marino-e-flora-exotica-invasora-no-areal-de-cesantes\/","title":{"rendered":"PLANCTON 2025. Retirada de lixo mari\u00f1o e flora ex\u00f3tica invasora no areal de Cesantes"},"content":{"rendered":"\n<p>Un nutrido grupo de alumnas e alumnos integrado por case 50 persoas voluntarias do Colegio Hogar Afundaci\u00f3n, participaron dunha intensa ma\u00f1\u00e1 de voluntariado ambiental no areal de Cesantes onde, divididos en grupos, procederon \u00e1 dobre tarefa de retirada de flora ex\u00f3tica invasora e de todo canto lixo mari\u00f1o puideron atopar ao longo de praia.<\/p>\n\n\n\n<p>Tarugos pl\u00e1sticos dos empregados nas bateas para suxeitar os mexill\u00f3ns, restos de envoltorios, envases, botes, tap\u00f3ns e botellas pl\u00e1sticas, bastonci\u00f1os de lambetadas e de limpar os o\u00eddos, cabichas, as\u00ed como pequenos anacos de cabos e cabi\u00f1os e cachos de poliesp\u00e1n, foron os obxectos m\u00e1is abondosos retirados da area, \u00fatiles cuxa procedencia responde tanto \u00e1s actividades econ\u00f3micas desenvolvidas no mar como as propias da vida coti\u00e1 en terra firme. Ao final da ma\u00f1\u00e1, e trala conclusi\u00f3n das tarefas de clasificaci\u00f3n e pesada habituais \u00e1 conclusi\u00f3n deste tipo de actividades, a balanza reflectiu un total de 74,4 quilos de refugallos.<\/p>\n\n\n\n<p>Polo que respecta \u00e1s especies bot\u00e1nicas invasoras retiradas do lugar, as actividades extractivas focaliz\u00e1ronse en diferentes plantas, entre as que \u00e9 preciso mencionar a margarida africana <em>Arctotheca calendula<\/em> (L.) Levyns, o pan do cuco, <em>Oxalis pes-caprae<\/em> L., as\u00ed como alg\u00fans p\u00e9s de <em>Chasmanthe <\/em>sp., <em>Cotula coronopifolia<\/em> L. e gram\u00f3n, especies que \u00e9 preciso retirar de lugares tan fr\u00e1xiles como este ecosistema dunar, un lugar que forma parte do LIC da Enseada de San Sim\u00f3n pertencente \u00e1 Rede Natura 2000. A pesada final reflectiu unha cantidade superior aos 190 quilos.<\/p>\n\n\n\n<p>Con este tipo de actividades de voluntariado ambiental, e outras de corte formativo e de sensibilizaci\u00f3n, Afundaci\u00f3n procura a trav\u00e9s deste plan de conservaci\u00f3n territorial garantir a conservaci\u00f3n e a sostibilidade de todas as actividades socioecon\u00f3micas desenvolvidas na costa e no propio mar, prestando especial importancia \u00e1 necesidade de inculcar \u00e1 sociedade a importancia de actuar de xeito responsable para garantir o uso e goce dos recursos tanto no momento presente como no futuro, &nbsp;todo elo acorde ao seu compromiso cos Obxectivos de Desenvolvemento Sostible, de xeito especial os ODS13 Acci\u00f3n polo clima, ODS14 Vida submarina e ODS17 Alianzas para lograr obxectivos.<\/p>\n\n\n\n<p>Do mesmo xeito que ocorrera en ocasi\u00f3ns precedentes neste mesmo lugar, a xornada contou coa colaboraci\u00f3n do Concello de Redondela quen se encargou da xesti\u00f3n ulterior dos residuos e plantas retiradas.<\/p>\n","protected":false},"excerpt":{"rendered":"<p>Alumnado e profesores do Colexio Hogar Afundaci\u00f3n desprazaranse ata o areal de Cesantes para levar a cabo unha nova xornada de voluntariado ambiental no marco de PLANCTON consistente la retirada de diferentes especies de flora ex\u00f3tica invasora e lixo mari\u00f1o.<\/p>\n","protected":false},"featured_media":5617,"template":"","accion":[28,33],"class_list":["post-5616","evento","type-evento","status-publish","has-post-thumbnail","hentry","accion-eliminacion-de-flora-exotica-invasora-gl","accion-retirada-de-residuos-en-praias-e-humedais"],"acf":[],"_links":{"self":[{"href":"https:\/\/plancton.afundacion.org\/gl\/wp-json\/wp\/v2\/evento\/5616","targetHints":{"allow":["GET"]}}],"collection":[{"href":"https:\/\/plancton.afundacion.org\/gl\/wp-json\/wp\/v2\/evento"}],"about":[{"href":"https:\/\/plancton.afundacion.org\/gl\/wp-json\/wp\/v2\/types\/evento"}],"wp:featuredmedia":[{"embeddable":true,"href":"https:\/\/plancton.afundacion.org\/gl\/wp-json\/wp\/v2\/media\/5617"}],"wp:attachment":[{"href":"https:\/\/plancton.afundacion.org\/gl\/wp-json\/wp\/v2\/media?parent=5616"}],"wp:term":[{"taxonomy":"accion","embeddable":true,"href":"https:\/\/plancton.afundacion.org\/gl\/wp-json\/wp\/v2\/accion?post=5616"}],"curies":[{"name":"wp","href":"https:\/\/api.w.org\/{rel}","templated":true}]}}